{"id":2065,"date":"2020-10-13T08:16:40","date_gmt":"2020-10-13T08:16:40","guid":{"rendered":"https:\/\/papeleira.pt\/grupo\/"},"modified":"2023-01-03T15:28:14","modified_gmt":"2023-01-03T15:28:14","slug":"grupo","status":"publish","type":"page","link":"https:\/\/papeleira.pt\/es\/grupo\/","title":{"rendered":"Grupo"},"content":{"rendered":"<p>[et_pb_section fb_built=\u00bb1&#8243; admin_label=\u00bbHero\u00bb _builder_version=\u00bb4.16&#8243; background_image=\u00bbhttps:\/\/papeleira.pt\/wp-content\/uploads\/2020\/10\/papeleira-group.jpg\u00bb background_position=\u00bbbottom_center\u00bb custom_margin_tablet=\u00bb0px||||false|false\u00bb custom_margin_phone=\u00bb\u00bb custom_margin_last_edited=\u00bbon|tablet\u00bb custom_padding=\u00bb80px|0|0||false|false\u00bb background_last_edited=\u00bboff|desktop\u00bb background_image_tablet=\u00bbhttps:\/\/papeleira.pt\/wp-content\/uploads\/2020\/05\/A1_movil.jpg\u00bb background_image_phone=\u00bbhttps:\/\/papeleira.pt\/wp-content\/uploads\/2020\/05\/A1_movil.jpg\u00bb background_enable_image_tablet=\u00bbon\u00bb background_enable_image_phone=\u00bbon\u00bb global_colors_info=\u00bb{}\u00bb title_text_phone=\u00bbA1_movil\u00bb title_text_tablet=\u00bbA1_movil\u00bb][et_pb_row column_structure=\u00bb2_3,1_3&#8243; use_custom_gutter=\u00bbon\u00bb gutter_width=\u00bb1&#8243; make_equal=\u00bbon\u00bb padding_top_bottom_link_2=\u00bbtrue\u00bb padding_left_right_link_2=\u00bbtrue\u00bb _builder_version=\u00bb4.16&#8243; custom_margin=\u00bb|||\u00bb custom_padding=\u00bb27px|0px|0|0px|false|false\u00bb global_colors_info=\u00bb{}\u00bb][et_pb_column type=\u00bb2_3&#8243; _builder_version=\u00bb4.16&#8243; custom_padding=\u00bb|4%|80px|\u00bb custom_padding_tablet=\u00bb||40px|\u00bb custom_padding_phone=\u00bb\u00bb custom_padding_last_edited=\u00bbon|tablet\u00bb global_colors_info=\u00bb{}\u00bb padding_tablet=\u00bb||40px|\u00bb padding_last_edited=\u00bbon|tablet\u00bb custom_padding__hover=\u00bb|||\u00bb padding_phone=\u00bb||40px|\u00bb][\/et_pb_column][et_pb_column type=\u00bb1_3&#8243; _builder_version=\u00bb4.16&#8243; background_color=\u00bb#998435&#8243; custom_padding=\u00bb40px|40px|40px|40px\u00bb custom_padding_tablet=\u00bb0px|||\u00bb custom_padding_last_edited=\u00bboff|desktop\u00bb global_colors_info=\u00bb{}\u00bb padding_tablet=\u00bb0px|||\u00bb padding_last_edited=\u00bboff|desktop\u00bb custom_padding__hover=\u00bb|||\u00bb][et_pb_blurb title=\u00bbPapeleira Coreboard forma parte del Holding Arteche Paper\u00bb use_icon=\u00bbon\u00bb font_icon=\u00bb&#xe052;||divi||400&#8243; icon_color=\u00bb#ffffff\u00bb icon_placement=\u00bbleft\u00bb content_max_width=\u00bb1100px\u00bb _builder_version=\u00bb4.16&#8243; header_font=\u00bbOpen Sans|600|||||||\u00bb header_font_size=\u00bb16px\u00bb header_line_height=\u00bb1.8em\u00bb background_layout=\u00bbdark\u00bb custom_margin=\u00bb||10px||false|false\u00bb locked=\u00bboff\u00bb global_colors_info=\u00bb{}\u00bb][\/et_pb_blurb][et_pb_blurb title=\u00bbBuscamos constantemente mejorar nuestra Calidad\u00bb use_icon=\u00bbon\u00bb font_icon=\u00bb&#xe052;||divi||400&#8243; icon_color=\u00bb#ffffff\u00bb icon_placement=\u00bbleft\u00bb content_max_width=\u00bb1100px\u00bb _builder_version=\u00bb4.16&#8243; header_font=\u00bbOpen Sans|600|||||||\u00bb header_font_size=\u00bb16px\u00bb header_line_height=\u00bb1.8em\u00bb background_layout=\u00bbdark\u00bb custom_margin=\u00bb||10px||false|false\u00bb locked=\u00bboff\u00bb global_colors_info=\u00bb{}\u00bb][\/et_pb_blurb][et_pb_blurb title=\u00bbNos preocupamos por el Medioambiente\u00bb use_icon=\u00bbon\u00bb font_icon=\u00bb&#xe052;||divi||400&#8243; icon_color=\u00bb#ffffff\u00bb icon_placement=\u00bbleft\u00bb content_max_width=\u00bb1100px\u00bb _builder_version=\u00bb4.16&#8243; header_font=\u00bbOpen Sans|600|||||||\u00bb header_font_size=\u00bb16px\u00bb header_line_height=\u00bb1.8em\u00bb background_layout=\u00bbdark\u00bb custom_margin=\u00bb||10px||false|false\u00bb locked=\u00bboff\u00bb global_colors_info=\u00bb{}\u00bb][\/et_pb_blurb][et_pb_blurb title=\u00bbValoramos las Personas\u00bb use_icon=\u00bbon\u00bb font_icon=\u00bb&#xe052;||divi||400&#8243; icon_color=\u00bb#ffffff\u00bb icon_placement=\u00bbleft\u00bb content_max_width=\u00bb1100px\u00bb _builder_version=\u00bb4.16&#8243; header_font=\u00bbOpen Sans|600|||||||\u00bb header_font_size=\u00bb16px\u00bb header_line_height=\u00bb1.8em\u00bb background_layout=\u00bbdark\u00bb custom_margin=\u00bb||10px||false|false\u00bb locked=\u00bboff\u00bb global_colors_info=\u00bb{}\u00bb][\/et_pb_blurb][\/et_pb_column][\/et_pb_row][\/et_pb_section][et_pb_section fb_built=\u00bb1&#8243; admin_label=\u00bbServices Header\u00bb _builder_version=\u00bb4.16&#8243; custom_padding=\u00bb0|0px|2px|0px|false|false\u00bb locked=\u00bboff\u00bb global_colors_info=\u00bb{}\u00bb][et_pb_row column_structure=\u00bb2_3,1_3&#8243; use_custom_gutter=\u00bbon\u00bb gutter_width=\u00bb1&#8243; padding_top_bottom_link_2=\u00bbtrue\u00bb padding_left_right_link_2=\u00bbtrue\u00bb _builder_version=\u00bb4.16&#8243; custom_padding=\u00bb0|0px|0px|0px|false|false\u00bb animation_style=\u00bbslide\u00bb animation_direction=\u00bbtop\u00bb animation_intensity_slide=\u00bb20%\u00bb locked=\u00bboff\u00bb global_colors_info=\u00bb{}\u00bb][et_pb_column type=\u00bb2_3&#8243; _builder_version=\u00bb4.16&#8243; custom_padding=\u00bb|||\u00bb global_colors_info=\u00bb{}\u00bb custom_padding__hover=\u00bb|||\u00bb][et_pb_text _builder_version=\u00bb4.16&#8243; text_font=\u00bb||||||||\u00bb ul_font=\u00bb||||||||\u00bb ol_font=\u00bb||||||||\u00bb quote_font=\u00bb||||||||\u00bb header_font=\u00bb||||||||\u00bb header_2_font=\u00bb|800|||||||\u00bb header_2_font_size=\u00bb24px\u00bb header_2_line_height=\u00bb1.8em\u00bb header_3_font=\u00bb||||||||\u00bb header_4_font=\u00bb|800||on|||||\u00bb header_4_font_size=\u00bb16px\u00bb header_4_letter_spacing=\u00bb0.5px\u00bb header_4_line_height=\u00bb1.7em\u00bb header_5_font=\u00bb||||||||\u00bb header_6_font=\u00bb||||||||\u00bb background_color=\u00bb#efefef\u00bb padding_1_last_edited=\u00bbon|desktop\u00bb custom_padding=\u00bb30px|50px|30px|50px|true|true|20px|10%|20px|10%|true|true||on|desktop\u00bb custom_padding_tablet=\u00bb\u00bb custom_padding_phone=\u00bb20px|10%|20px|10%|true|true\u00bb custom_padding_last_edited=\u00bbon|phone\u00bb header_2_font_size_tablet=\u00bb\u00bb header_2_font_size_phone=\u00bb18px\u00bb header_2_font_size_last_edited=\u00bbon|phone\u00bb locked=\u00bboff\u00bb global_colors_info=\u00bb{}\u00bb]<\/p>\n<h2>PAPELEIRA COREBOARD<\/h2>\n<p>[\/et_pb_text][\/et_pb_column][et_pb_column type=\u00bb1_3&#8243; _builder_version=\u00bb4.16&#8243; custom_padding=\u00bb50px|50px|50px|50px\u00bb custom_padding_tablet=\u00bb\u00bb custom_padding_phone=\u00bb20px|10%|20px|10%|true|true\u00bb custom_padding_last_edited=\u00bbon|phone\u00bb global_colors_info=\u00bb{}\u00bb padding_phone=\u00bb20px|10%|20px|10%|true|true\u00bb padding_last_edited=\u00bbon|phone\u00bb custom_padding__hover=\u00bb|||\u00bb][et_pb_image src=\u00bbhttps:\/\/papeleira.pt\/wp-content\/uploads\/2021\/05\/fsc_logo.png\u00bb title_text=\u00bbfsc_logo\u00bb align=\u00bbright\u00bb _builder_version=\u00bb4.16&#8243; _module_preset=\u00bbdefault\u00bb width=\u00bb25%\u00bb custom_margin=\u00bb-35px||||false|false\u00bb global_colors_info=\u00bb{}\u00bb][\/et_pb_image][\/et_pb_column][\/et_pb_row][\/et_pb_section][et_pb_section fb_built=\u00bb1&#8243; admin_label=\u00bbServices Header\u00bb _builder_version=\u00bb4.16&#8243; custom_padding=\u00bb0|0px|54px|0px|false|false\u00bb locked=\u00bboff\u00bb global_colors_info=\u00bb{}\u00bb][et_pb_row column_structure=\u00bb1_2,1_2&#8243; _builder_version=\u00bb4.16&#8243; custom_padding=\u00bb||0px|||\u00bb global_colors_info=\u00bb{}\u00bb][et_pb_column type=\u00bb1_2&#8243; _builder_version=\u00bb4.16&#8243; custom_padding=\u00bb|||\u00bb global_colors_info=\u00bb{}\u00bb custom_padding__hover=\u00bb|||\u00bb][et_pb_text _builder_version=\u00bb4.16&#8243; text_font=\u00bbAvenir||||||||\u00bb text_font_size=\u00bb16px\u00bb text_line_height=\u00bb1.8em\u00bb header_font=\u00bb||||||||\u00bb header_3_font=\u00bb|800|||||||\u00bb header_3_text_color=\u00bb#f25b3a\u00bb header_3_font_size=\u00bb24px\u00bb header_3_line_height=\u00bb1.8em\u00bb header_3_font_size_tablet=\u00bb\u00bb header_3_font_size_phone=\u00bb18px\u00bb header_3_font_size_last_edited=\u00bbon|phone\u00bb locked=\u00bboff\u00bb global_colors_info=\u00bb{}\u00bb]<\/p>\n<p>Seg\u00fan los registros hist\u00f3ricos, el papel reciclado se fabrica en nuestras actuales instalaciones de <strong>Papeleira<\/strong> desde 1930.<\/p>\n<p>La capacidad productiva en su momento era de alrededor 7 toneladas por d\u00eda, con dos m\u00e1quinas reacondicionadas, esta capacidad s\u00f3lo se mejor\u00f3 en 1973.<\/p>\n<p>Sin embargo, la empresa sinti\u00f3 la necesidad de innovar y de buscar nuevos productos y mercados desde una etapa temprana. Hab\u00eda evidencias de una fuerte tendencia hacia la reducci\u00f3n del peso del papel reciclado para la industria del cart\u00f3n, lo que llev\u00f3 a una p\u00e9rdida de la competitividad de <strong>Papeleira<\/strong> y el mercado comenz\u00f3 a pedir espesores que no era posible hacer con la m\u00e1quina de papel existente.<\/p>\n<p>Buscando impulsar su competitividad, <strong>Papeleira<\/strong> empez\u00f3 a trazar un camino de innovaci\u00f3n y comenz\u00f3 a producir papel para tubos y cantoneras de cart\u00f3n, con diferentes especificaciones y mayores pesos, a\u00f1adiendo un valor sustancial.<\/p>\n<p>[\/et_pb_text][\/et_pb_column][et_pb_column type=\u00bb1_2&#8243; _builder_version=\u00bb4.16&#8243; custom_padding=\u00bb|||\u00bb global_colors_info=\u00bb{}\u00bb custom_padding__hover=\u00bb|||\u00bb][et_pb_text _builder_version=\u00bb4.16&#8243; text_font=\u00bbAvenir||||||||\u00bb text_font_size=\u00bb16px\u00bb text_line_height=\u00bb1.8em\u00bb header_font=\u00bb||||||||\u00bb header_3_font=\u00bb|800|||||||\u00bb header_3_text_color=\u00bb#f25b3a\u00bb header_3_font_size=\u00bb24px\u00bb header_3_line_height=\u00bb1.8em\u00bb header_3_font_size_tablet=\u00bb\u00bb header_3_font_size_phone=\u00bb18px\u00bb header_3_font_size_last_edited=\u00bbon|phone\u00bb locked=\u00bboff\u00bb global_colors_info=\u00bb{}\u00bb]<\/p>\n<p>La evoluci\u00f3n de la compa\u00f1\u00eda y su potencial industrial llevaron a su adquisici\u00f3n, en 2013, por un Grupo Global industrial. Desde esa fecha en adelante, la empresa ha visto constantes inversiones en su proceso de producci\u00f3n, lo que le permite ofrecer un producto de calidad constante.<\/p>\n<p>[\/et_pb_text][et_pb_image src=\u00bbhttps:\/\/papeleira.pt\/wp-content\/uploads\/2020\/06\/papeleira_company.jpg\u00bb title_text=\u00bbpapeleira_company\u00bb align_tablet=\u00bbcenter\u00bb align_phone=\u00bb\u00bb align_last_edited=\u00bbon|desktop\u00bb _builder_version=\u00bb4.16&#8243; use_background_color_gradient=\u00bbon\u00bb background_color_gradient_direction=\u00bb152deg\u00bb background_color_gradient_stops=\u00bb#998435 34%|rgba(0,0,0,0) 34%\u00bb background_color_gradient_start=\u00bb#998435&#8243; background_color_gradient_start_position=\u00bb34%\u00bb background_color_gradient_end=\u00bbrgba(0,0,0,0)\u00bb background_color_gradient_end_position=\u00bb29%\u00bb custom_margin=\u00bb0px||0px|||\u00bb custom_padding=\u00bb20px|20px|20px|20px|false|false\u00bb animation_style=\u00bbzoom\u00bb custom_css_main_element=\u00bbbackground-size: 100%;||width: 80%;||height: 80%;||transition: all 0.5s ease;\u00bb locked=\u00bboff\u00bb global_colors_info=\u00bb{}\u00bb custom_css_main_element__hover_enabled=\u00bbon|hover\u00bb custom_css_main_element__hover=\u00bbbackground-size: 180%;||width: 105%;||height: 105%;||\u00bb][\/et_pb_image][et_pb_text _builder_version=\u00bb4.16&#8243; text_font=\u00bbAvenir||||||||\u00bb text_font_size=\u00bb16px\u00bb text_line_height=\u00bb1.8em\u00bb header_font=\u00bb||||||||\u00bb header_3_font=\u00bb|800|||||||\u00bb header_3_text_color=\u00bb#f25b3a\u00bb header_3_font_size=\u00bb24px\u00bb header_3_line_height=\u00bb1.8em\u00bb header_3_font_size_tablet=\u00bb\u00bb header_3_font_size_phone=\u00bb18px\u00bb header_3_font_size_last_edited=\u00bbon|phone\u00bb locked=\u00bboff\u00bb global_colors_info=\u00bb{}\u00bb]<\/p>\n<p>En 2015, la compa\u00f1\u00eda prepar\u00f3 un plan de inversi\u00f3n de 15 millones de euros apoyado tambi\u00e9n por Portugal2020 FONDOS UE, y hoy, despu\u00e9s de esta fuerte inversi\u00f3n y cambio completo de m\u00e1quinas e instalaciones, <strong>Papeleira<\/strong> produce 220ton\/d\u00eda, un logro impensable hace 5 a\u00f1os.<\/p>\n<p>[\/et_pb_text][\/et_pb_column][\/et_pb_row][\/et_pb_section][et_pb_section fb_built=\u00bb1&#8243; admin_label=\u00bbServices Header\u00bb _builder_version=\u00bb4.16&#8243; custom_padding=\u00bb0|0px|2px|0px|false|false\u00bb locked=\u00bboff\u00bb global_colors_info=\u00bb{}\u00bb][et_pb_row column_structure=\u00bb2_3,1_3&#8243; use_custom_gutter=\u00bbon\u00bb gutter_width=\u00bb1&#8243; padding_top_bottom_link_2=\u00bbtrue\u00bb padding_left_right_link_2=\u00bbtrue\u00bb _builder_version=\u00bb4.16&#8243; custom_padding=\u00bb0|0px|1px|0px|false|false\u00bb animation_style=\u00bbslide\u00bb animation_direction=\u00bbtop\u00bb animation_intensity_slide=\u00bb20%\u00bb locked=\u00bboff\u00bb global_colors_info=\u00bb{}\u00bb][et_pb_column type=\u00bb2_3&#8243; _builder_version=\u00bb4.16&#8243; custom_padding=\u00bb|||\u00bb global_colors_info=\u00bb{}\u00bb custom_padding__hover=\u00bb|||\u00bb][et_pb_text _builder_version=\u00bb4.16&#8243; text_font=\u00bb||||||||\u00bb ul_font=\u00bb||||||||\u00bb ol_font=\u00bb||||||||\u00bb quote_font=\u00bb||||||||\u00bb header_font=\u00bb||||||||\u00bb header_2_font=\u00bb|800|||||||\u00bb header_2_font_size=\u00bb24px\u00bb header_2_line_height=\u00bb1.8em\u00bb header_3_font=\u00bb||||||||\u00bb header_4_font=\u00bb|800||on|||||\u00bb header_4_font_size=\u00bb16px\u00bb header_4_letter_spacing=\u00bb0.5px\u00bb header_4_line_height=\u00bb1.7em\u00bb header_5_font=\u00bb||||||||\u00bb header_6_font=\u00bb||||||||\u00bb background_color=\u00bb#efefef\u00bb padding_1_last_edited=\u00bbon|desktop\u00bb custom_padding=\u00bb30px|50px|30px|50px|true|true|20px|10%|20px|10%|true|true||on|desktop\u00bb custom_padding_tablet=\u00bb\u00bb custom_padding_phone=\u00bb20px|10%|20px|10%|true|true\u00bb custom_padding_last_edited=\u00bbon|phone\u00bb header_2_font_size_tablet=\u00bb\u00bb header_2_font_size_phone=\u00bb18px\u00bb header_2_font_size_last_edited=\u00bbon|phone\u00bb locked=\u00bboff\u00bb global_colors_info=\u00bb{}\u00bb]<\/p>\n<h2>MISI\u00d3N, VISI\u00d3N &amp; ESTRATEGIA<\/h2>\n<p>[\/et_pb_text][\/et_pb_column][et_pb_column type=\u00bb1_3&#8243; _builder_version=\u00bb4.16&#8243; custom_padding=\u00bb50px|50px|50px|50px\u00bb custom_padding_tablet=\u00bb\u00bb custom_padding_phone=\u00bb20px|10%|20px|10%|true|true\u00bb custom_padding_last_edited=\u00bbon|phone\u00bb global_colors_info=\u00bb{}\u00bb padding_phone=\u00bb20px|10%|20px|10%|true|true\u00bb padding_last_edited=\u00bbon|phone\u00bb custom_padding__hover=\u00bb|||\u00bb][\/et_pb_column][\/et_pb_row][\/et_pb_section][et_pb_section fb_built=\u00bb1&#8243; _builder_version=\u00bb4.16&#8243; custom_padding=\u00bb||0px|||\u00bb global_colors_info=\u00bb{}\u00bb][et_pb_row column_structure=\u00bb3_5,2_5&#8243; module_id=\u00bbmision\u00bb _builder_version=\u00bb4.16&#8243; global_colors_info=\u00bb{}\u00bb][et_pb_column type=\u00bb3_5&#8243; _builder_version=\u00bb4.16&#8243; global_colors_info=\u00bb{}\u00bb][et_pb_image src=\u00bbhttps:\/\/papeleira.pt\/wp-content\/uploads\/2020\/09\/Our-Mission.jpg\u00bb alt=\u00bbnuestra misi\u00f3n\u00bb title_text=\u00bbnuestra misi\u00f3n\u00bb align_tablet=\u00bbcenter\u00bb align_phone=\u00bb\u00bb align_last_edited=\u00bbon|desktop\u00bb disabled_on=\u00bbon|off|off\u00bb _builder_version=\u00bb4.16&#8243; use_background_color_gradient=\u00bbon\u00bb background_color_gradient_direction=\u00bb152deg\u00bb background_color_gradient_stops=\u00bb#998435 34%|rgba(0,0,0,0) 34%\u00bb background_color_gradient_start=\u00bb#998435&#8243; background_color_gradient_start_position=\u00bb34%\u00bb background_color_gradient_end=\u00bbrgba(0,0,0,0)\u00bb background_color_gradient_end_position=\u00bb29%\u00bb custom_margin=\u00bb0px||0px|||\u00bb custom_padding=\u00bb20px|20px|20px|20px|false|false\u00bb animation_style=\u00bbzoom\u00bb locked=\u00bboff\u00bb global_colors_info=\u00bb{}\u00bb custom_css_main_element__hover_enabled=\u00bbon|hover\u00bb custom_css_main_element__hover=\u00bb||\u00bb][\/et_pb_image][\/et_pb_column][et_pb_column type=\u00bb2_5&#8243; _builder_version=\u00bb4.16&#8243; global_colors_info=\u00bb{}\u00bb][et_pb_blurb title=\u00bbOUR MISSION\u00bb image=\u00bbhttps:\/\/papeleira.pt\/wp-content\/uploads\/2020\/09\/mission_ico.png\u00bb icon_placement=\u00bbleft\u00bb _builder_version=\u00bb4.16&#8243; _module_preset=\u00bbdefault\u00bb header_font=\u00bb|800|||||||\u00bb header_font_size=\u00bb20px\u00bb header_line_height=\u00bb1.7em\u00bb background_color=\u00bb#998435&#8243; background_layout=\u00bbdark\u00bb custom_padding=\u00bb12px|||15px|false|false\u00bb border_radii=\u00bbon|10px|10px|10px|10px\u00bb global_colors_info=\u00bb{}\u00bb][\/et_pb_blurb][et_pb_text _builder_version=\u00bb4.16&#8243; text_font=\u00bbAvenir||||||||\u00bb text_font_size=\u00bb16px\u00bb text_line_height=\u00bb1.8em\u00bb header_font=\u00bb||||||||\u00bb header_3_font=\u00bb|800|||||||\u00bb header_3_text_color=\u00bb#f25b3a\u00bb header_3_font_size=\u00bb24px\u00bb header_3_line_height=\u00bb1.8em\u00bb max_width=\u00bb600px\u00bb header_3_font_size_tablet=\u00bb\u00bb header_3_font_size_phone=\u00bb18px\u00bb header_3_font_size_last_edited=\u00bbon|phone\u00bb locked=\u00bboff\u00bb global_colors_info=\u00bb{}\u00bb]<\/p>\n<p>Papeleira Coreboard, S.A. es un fabricante de fibra de papel y cart\u00f3n, destinado a producir papel y cart\u00f3n 100% reciclados.<\/p>\n<p>Nuestro objetivo es ser reconocidos por los mercados como una empresa competitiva en el negocio del papel, con un excelente rendimiento en cada \u00e1rea.<\/p>\n<p>[\/et_pb_text][et_pb_image src=\u00bbhttps:\/\/papeleira.pt\/wp-content\/uploads\/2020\/09\/Our-Mission.jpg\u00bb alt=\u00bbnuestra misi\u00f3n\u00bb title_text=\u00bbnuestra misi\u00f3n\u00bb align_tablet=\u00bbcenter\u00bb align_phone=\u00bb\u00bb align_last_edited=\u00bbon|desktop\u00bb disabled_on=\u00bboff|on|on\u00bb _builder_version=\u00bb4.16&#8243; use_background_color_gradient=\u00bbon\u00bb background_color_gradient_direction=\u00bb152deg\u00bb background_color_gradient_stops=\u00bb#998435 34%|rgba(0,0,0,0) 34%\u00bb background_color_gradient_start=\u00bb#998435&#8243; background_color_gradient_start_position=\u00bb34%\u00bb background_color_gradient_end=\u00bbrgba(0,0,0,0)\u00bb background_color_gradient_end_position=\u00bb29%\u00bb custom_margin=\u00bb0px||0px|||\u00bb custom_padding=\u00bb20px|20px|20px|20px|false|false\u00bb animation_style=\u00bbzoom\u00bb locked=\u00bboff\u00bb global_colors_info=\u00bb{}\u00bb custom_css_main_element__hover_enabled=\u00bbon|hover\u00bb custom_css_main_element__hover=\u00bb||\u00bb][\/et_pb_image][\/et_pb_column][\/et_pb_row][et_pb_row column_structure=\u00bb2_5,3_5&#8243; module_id=\u00bbvision\u00bb _builder_version=\u00bb4.16&#8243; global_colors_info=\u00bb{}\u00bb][et_pb_column type=\u00bb2_5&#8243; _builder_version=\u00bb4.16&#8243; global_colors_info=\u00bb{}\u00bb][et_pb_blurb title=\u00bbNUESTRA VISI\u00d3N\u00bb image=\u00bbhttps:\/\/papeleira.pt\/wp-content\/uploads\/2020\/09\/vision_ico.png\u00bb icon_placement=\u00bbleft\u00bb _builder_version=\u00bb4.16&#8243; _module_preset=\u00bbdefault\u00bb header_font=\u00bb|800|||||||\u00bb header_font_size=\u00bb20px\u00bb header_line_height=\u00bb1.7em\u00bb background_color=\u00bb#998435&#8243; background_layout=\u00bbdark\u00bb custom_padding=\u00bb12px|||15px|false|false\u00bb border_radii=\u00bbon|10px|10px|10px|10px\u00bb global_colors_info=\u00bb{}\u00bb][\/et_pb_blurb][et_pb_text _builder_version=\u00bb4.16&#8243; text_font=\u00bbAvenir||||||||\u00bb text_font_size=\u00bb16px\u00bb text_line_height=\u00bb1.8em\u00bb header_font=\u00bb||||||||\u00bb header_3_font=\u00bb|800|||||||\u00bb header_3_text_color=\u00bb#f25b3a\u00bb header_3_font_size=\u00bb24px\u00bb header_3_line_height=\u00bb1.8em\u00bb max_width=\u00bb600px\u00bb custom_padding=\u00bb0px|||||\u00bb header_3_font_size_tablet=\u00bb\u00bb header_3_font_size_phone=\u00bb18px\u00bb header_3_font_size_last_edited=\u00bbon|phone\u00bb locked=\u00bboff\u00bb global_colors_info=\u00bb{}\u00bb]<\/p>\n<p style=\"text-align: justify;\">Creemos que el \u00e9xito de nuestra empresa radica en nuestra capacidad para mantener contentos a nuestros clientes, pero tambi\u00e9n a nuestros proveedores, empleados y todas las organizaciones con las que trabajamos.<\/p>\n<p style=\"text-align: justify;\">Entendiendo nuestro pasado, vivimos el presente.<\/p>\n<p style=\"text-align: justify;\">\u00a1No sabemos lo que puede traer el futuro, pero sabemos a d\u00f3nde vamos y haremos lo que sea necesario para llegar hasta all\u00ed!<\/p>\n<p>[\/et_pb_text][\/et_pb_column][et_pb_column type=\u00bb3_5&#8243; _builder_version=\u00bb4.16&#8243; global_colors_info=\u00bb{}\u00bb][et_pb_image src=\u00bbhttps:\/\/papeleira.pt\/wp-content\/uploads\/2020\/09\/Our-Vision.jpg\u00bb alt=\u00bbnuestra visi\u00f3n\u00bb title_text=\u00bbnuestra visi\u00f3n\u00bb align_tablet=\u00bbcenter\u00bb align_phone=\u00bb\u00bb align_last_edited=\u00bbon|desktop\u00bb _builder_version=\u00bb4.16&#8243; use_background_color_gradient=\u00bbon\u00bb background_color_gradient_direction=\u00bb152deg\u00bb background_color_gradient_stops=\u00bb#998435 34%|rgba(0,0,0,0) 34%\u00bb background_color_gradient_start=\u00bb#998435&#8243; background_color_gradient_start_position=\u00bb34%\u00bb background_color_gradient_end=\u00bbrgba(0,0,0,0)\u00bb background_color_gradient_end_position=\u00bb29%\u00bb custom_margin=\u00bb0px||0px|||\u00bb custom_padding=\u00bb20px|20px|20px|20px|false|false\u00bb animation_style=\u00bbzoom\u00bb locked=\u00bboff\u00bb global_colors_info=\u00bb{}\u00bb custom_css_main_element__hover_enabled=\u00bbon|hover\u00bb custom_css_main_element__hover=\u00bb||\u00bb][\/et_pb_image][\/et_pb_column][\/et_pb_row][\/et_pb_section][et_pb_section fb_built=\u00bb1&#8243; _builder_version=\u00bb4.16&#8243; custom_padding=\u00bb0px|||||\u00bb global_colors_info=\u00bb{}\u00bb][et_pb_row column_structure=\u00bb1_2,1_2&#8243; module_id=\u00bbstrategy\u00bb _builder_version=\u00bb4.16&#8243; global_colors_info=\u00bb{}\u00bb][et_pb_column type=\u00bb1_2&#8243; _builder_version=\u00bb4.16&#8243; global_colors_info=\u00bb{}\u00bb][et_pb_image src=\u00bbhttps:\/\/papeleira.pt\/wp-content\/uploads\/2020\/07\/strategy01.jpg\u00bb title_text=\u00bbstrategy01&#8243; align_tablet=\u00bbcenter\u00bb align_phone=\u00bb\u00bb align_last_edited=\u00bbon|desktop\u00bb disabled_on=\u00bbon|off|off\u00bb _builder_version=\u00bb4.16&#8243; use_background_color_gradient=\u00bbon\u00bb background_color_gradient_direction=\u00bb152deg\u00bb background_color_gradient_stops=\u00bb#998435 34%|rgba(0,0,0,0) 34%\u00bb background_color_gradient_start=\u00bb#998435&#8243; background_color_gradient_start_position=\u00bb34%\u00bb background_color_gradient_end=\u00bbrgba(0,0,0,0)\u00bb background_color_gradient_end_position=\u00bb29%\u00bb custom_margin=\u00bb0px||0px|||\u00bb custom_padding=\u00bb20px|20px|20px|20px|false|false\u00bb animation_style=\u00bbzoom\u00bb locked=\u00bboff\u00bb global_colors_info=\u00bb{}\u00bb custom_css_main_element__hover_enabled=\u00bbon|hover\u00bb][\/et_pb_image][et_pb_image src=\u00bbhttps:\/\/papeleira.pt\/wp-content\/uploads\/2020\/07\/strategy02.jpg\u00bb title_text=\u00bbstrategy02&#8243; align_tablet=\u00bbcenter\u00bb align_phone=\u00bb\u00bb align_last_edited=\u00bbon|desktop\u00bb disabled_on=\u00bbon|off|off\u00bb _builder_version=\u00bb4.16&#8243; use_background_color_gradient=\u00bbon\u00bb background_color_gradient_direction=\u00bb152deg\u00bb background_color_gradient_stops=\u00bb#998435 34%|rgba(0,0,0,0) 34%\u00bb background_color_gradient_start=\u00bb#998435&#8243; background_color_gradient_start_position=\u00bb34%\u00bb background_color_gradient_end=\u00bbrgba(0,0,0,0)\u00bb background_color_gradient_end_position=\u00bb29%\u00bb custom_margin=\u00bb0px||0px|||\u00bb custom_padding=\u00bb20px|20px|20px|20px|false|false\u00bb animation_style=\u00bbzoom\u00bb locked=\u00bboff\u00bb global_colors_info=\u00bb{}\u00bb custom_css_main_element__hover_enabled=\u00bbon|hover\u00bb][\/et_pb_image][\/et_pb_column][et_pb_column type=\u00bb1_2&#8243; _builder_version=\u00bb4.16&#8243; global_colors_info=\u00bb{}\u00bb][et_pb_blurb title=\u00bbNUESTRA ESTRATEGIA\u00bb image=\u00bbhttps:\/\/papeleira.pt\/wp-content\/uploads\/2020\/08\/STRATEGY_WEB_TR_BLANCO.png\u00bb icon_placement=\u00bbleft\u00bb _builder_version=\u00bb4.16&#8243; _module_preset=\u00bbdefault\u00bb header_font=\u00bb|800|||||||\u00bb header_font_size=\u00bb20px\u00bb header_line_height=\u00bb1.7em\u00bb background_color=\u00bb#998435&#8243; background_layout=\u00bbdark\u00bb custom_padding=\u00bb12px|||15px|false|false\u00bb border_radii=\u00bbon|10px|10px|10px|10px\u00bb global_colors_info=\u00bb{}\u00bb][\/et_pb_blurb][et_pb_text _builder_version=\u00bb4.16&#8243; text_font=\u00bbAvenir||||||||\u00bb text_font_size=\u00bb16px\u00bb text_line_height=\u00bb1.8em\u00bb header_font=\u00bb||||||||\u00bb header_3_font=\u00bb|800|||||||\u00bb header_3_text_color=\u00bb#f25b3a\u00bb header_3_font_size=\u00bb24px\u00bb header_3_line_height=\u00bb1.8em\u00bb max_width=\u00bb600px\u00bb custom_padding=\u00bb0px|||||\u00bb header_3_font_size_tablet=\u00bb\u00bb header_3_font_size_phone=\u00bb18px\u00bb header_3_font_size_last_edited=\u00bbon|phone\u00bb locked=\u00bboff\u00bb global_colors_info=\u00bb{}\u00bb]<\/p>\n<p>Nuestro objetivo es ser reconocidos por los mercados como una empresa competitiva en el negocio del papel, con un excelente rendimiento en cada \u00e1rea.<\/p>\n<p>[\/et_pb_text][et_pb_toggle title=\u00bbBuscamos servir a los clientes que valoran&#8230;\u00bb _builder_version=\u00bb4.16&#8243; closed_title_font=\u00bbAvenir||||||||\u00bb border_radii=\u00bbon|12px|12px|12px|12px\u00bb global_colors_info=\u00bb{}\u00bb]<\/p>\n<p>\u2022 precios competitivos<br \/>\u2022 entregas a tiempo<br \/>\u2022 cero defectos<\/p>\n<p>[\/et_pb_toggle][et_pb_toggle title=\u00bbEstamos comprometidos con la mejora constante de nuestro Sistema de Gesti\u00f3n Integrada, con el fin de&#8230;\u00bb _builder_version=\u00bb4.16&#8243; closed_title_font=\u00bbAvenir||||||||\u00bb border_radii=\u00bbon|12px|12px|12px|12px\u00bb global_colors_info=\u00bb{}\u00bb]<\/p>\n<p>\u2022 reducir los costos <br \/>\u2022 cumplir con los planes de producci\u00f3n <br \/>\u2022 reducir los defectos <br \/>\u2022 mejorar las habilidades de los empleados <br \/>\u2022 establecer asociaciones con nuestros proveedores basadas en la confianza mutua <br \/>\u2022 prevenir la poluci\u00f3n y respetar el medio ambiente <br \/>\u2022 actuar en consecuencia con los Principios Generales de Prevenci\u00f3n, minimizando el efecto de una potencial fuente de contaminaci\u00f3n.<\/p>\n<p>[\/et_pb_toggle][et_pb_toggle title=\u00bbSalud &#038; Seguridad e Incidentes Ambientales&#8230;\u00bb _builder_version=\u00bb4.16&#8243; closed_title_font=\u00bbAvenir||||||||\u00bb border_radii=\u00bbon|12px|12px|12px|12px\u00bb global_colors_info=\u00bb{}\u00bb]<\/p>\n<p>\u2022 desarrollar actividades de prevenci\u00f3n y protecci\u00f3n contra riesgos laborales, garantizando la seguridad de nuestros empleados <br \/>\u2022 mejorar nuestros productos<br \/>\u2022 cumplir con todas las normas y requisitos legales y de la industria<\/p>\n<p>[\/et_pb_toggle][et_pb_image src=\u00bbhttps:\/\/papeleira.pt\/wp-content\/uploads\/2020\/07\/strategy01.jpg\u00bb title_text=\u00bbstrategy01&#8243; align_tablet=\u00bbcenter\u00bb align_phone=\u00bb\u00bb align_last_edited=\u00bbon|desktop\u00bb disabled_on=\u00bboff|on|on\u00bb _builder_version=\u00bb4.16&#8243; use_background_color_gradient=\u00bbon\u00bb background_color_gradient_direction=\u00bb152deg\u00bb background_color_gradient_stops=\u00bb#998435 34%|rgba(0,0,0,0) 34%\u00bb background_color_gradient_start=\u00bb#998435&#8243; background_color_gradient_start_position=\u00bb34%\u00bb background_color_gradient_end=\u00bbrgba(0,0,0,0)\u00bb background_color_gradient_end_position=\u00bb29%\u00bb custom_margin=\u00bb0px||0px|||\u00bb custom_padding=\u00bb20px|20px|20px|20px|false|false\u00bb animation_style=\u00bbzoom\u00bb locked=\u00bboff\u00bb global_colors_info=\u00bb{}\u00bb custom_css_main_element__hover_enabled=\u00bbon|hover\u00bb][\/et_pb_image][et_pb_text _builder_version=\u00bb4.16&#8243; text_font=\u00bbAvenir||||||||\u00bb text_font_size=\u00bb16px\u00bb text_line_height=\u00bb1.8em\u00bb header_font=\u00bb||||||||\u00bb header_3_font=\u00bb|800|||||||\u00bb header_3_text_color=\u00bb#f25b3a\u00bb header_3_font_size=\u00bb24px\u00bb header_3_line_height=\u00bb1.8em\u00bb custom_padding=\u00bb0px|||||\u00bb header_3_font_size_tablet=\u00bb\u00bb header_3_font_size_phone=\u00bb18px\u00bb header_3_font_size_last_edited=\u00bbon|phone\u00bb locked=\u00bboff\u00bb global_colors_info=\u00bb{}\u00bb]<\/p>\n<p>Creemos que estas intenciones s\u00f3lo son alcanzables a trav\u00e9s de la participaci\u00f3n de cada empleado, por lo tanto, consideramos indispensable divulgar y garantizar la comprensi\u00f3n y aplicaci\u00f3n de la Pol\u00edtica de Calidad, Medio Ambiente y Seguridad de la empresa.<\/p>\n<p>[\/et_pb_text][et_pb_image src=\u00bbhttps:\/\/papeleira.pt\/wp-content\/uploads\/2020\/07\/strategy02.jpg\u00bb title_text=\u00bbstrategy02&#8243; align_tablet=\u00bbcenter\u00bb align_phone=\u00bb\u00bb align_last_edited=\u00bbon|desktop\u00bb disabled_on=\u00bboff|on|on\u00bb _builder_version=\u00bb4.16&#8243; use_background_color_gradient=\u00bbon\u00bb background_color_gradient_direction=\u00bb152deg\u00bb background_color_gradient_stops=\u00bb#998435 34%|rgba(0,0,0,0) 34%\u00bb background_color_gradient_start=\u00bb#998435&#8243; background_color_gradient_start_position=\u00bb34%\u00bb background_color_gradient_end=\u00bbrgba(0,0,0,0)\u00bb background_color_gradient_end_position=\u00bb29%\u00bb custom_margin=\u00bb0px||0px|||\u00bb custom_padding=\u00bb20px|20px|20px|20px|false|false\u00bb animation_style=\u00bbzoom\u00bb locked=\u00bboff\u00bb global_colors_info=\u00bb{}\u00bb custom_css_main_element__hover_enabled=\u00bbon|hover\u00bb][\/et_pb_image][\/et_pb_column][\/et_pb_row][\/et_pb_section][et_pb_section fb_built=\u00bb1&#8243; admin_label=\u00bbContact Banner\u00bb _builder_version=\u00bb4.16&#8243; background_color=\u00bb#404041&#8243; custom_padding=\u00bb20px|0px|20px|0px|true|false\u00bb animation_direction=\u00bbbottom\u00bb global_colors_info=\u00bb{}\u00bb][et_pb_row column_structure=\u00bb1_3,1_3,1_3&#8243; _builder_version=\u00bb4.16&#8243; module_alignment=\u00bbcenter\u00bb global_colors_info=\u00bb{}\u00bb][et_pb_column type=\u00bb1_3&#8243; _builder_version=\u00bb4.16&#8243; custom_padding=\u00bb|||\u00bb global_colors_info=\u00bb{}\u00bb custom_padding__hover=\u00bb|||\u00bb][et_pb_text _builder_version=\u00bb4.16&#8243; text_font=\u00bb||||||||\u00bb quote_font=\u00bb||||||||\u00bb header_font=\u00bb||||||||\u00bb header_2_font=\u00bbAvenir|700|||||||\u00bb header_2_font_size=\u00bb24px\u00bb header_2_line_height=\u00bb1.8em\u00bb header_3_font=\u00bb||||||||\u00bb header_4_font=\u00bb|800||on|||||\u00bb header_4_font_size=\u00bb16px\u00bb header_4_letter_spacing=\u00bb0.5px\u00bb header_4_line_height=\u00bb1.7em\u00bb background_layout=\u00bbdark\u00bb custom_margin=\u00bb||2px|||\u00bb custom_padding=\u00bb|||\u00bb header_2_font_size_tablet=\u00bb\u00bb header_2_font_size_phone=\u00bb18px\u00bb header_2_font_size_last_edited=\u00bbon|phone\u00bb locked=\u00bboff\u00bb global_colors_info=\u00bb{}\u00bb]<\/p>\n<h2>Si desea obtener m\u00e1s informaci\u00f3n o solicitar informaci\u00f3n, no dude en ponerse en contacto con nosotros:<\/h2>\n<h4>\u00a0<\/h4>\n<p>[\/et_pb_text][et_pb_blurb title=\u00bbpapeleira@papeleira.pt\u00bb url=\u00bbmailto:papeleira@papeleira.pt\u00bb use_icon=\u00bbon\u00bb font_icon=\u00bb&#xe010;||divi||400&#8243; icon_color=\u00bb#ffffff\u00bb icon_placement=\u00bbleft\u00bb image_icon_width=\u00bb28px\u00bb _builder_version=\u00bb4.16&#8243; header_font=\u00bbAvenir||||||||\u00bb header_font_size=\u00bb22px\u00bb background_layout=\u00bbdark\u00bb custom_padding=\u00bb0px||||false|false\u00bb icon_font_size=\u00bb28px\u00bb global_colors_info=\u00bb{}\u00bb][\/et_pb_blurb][\/et_pb_column][et_pb_column type=\u00bb1_3&#8243; _builder_version=\u00bb4.16&#8243; custom_padding=\u00bb|||\u00bb global_colors_info=\u00bb{}\u00bb custom_padding__hover=\u00bb|||\u00bb][et_pb_blurb title=\u00bbPAPELEIRA\u00bb use_icon=\u00bbon\u00bb font_icon=\u00bb&#xe081;||divi||400&#8243; icon_color=\u00bb#ffffff\u00bb icon_placement=\u00bbleft\u00bb content_max_width=\u00bb1100px\u00bb _builder_version=\u00bb4.18.0&#8243; header_font=\u00bb|800||||on|||\u00bb header_text_color=\u00bb#ffffff\u00bb header_font_size=\u00bb16px\u00bb header_letter_spacing=\u00bb0.5px\u00bb header_line_height=\u00bb1.7em\u00bb body_font=\u00bbOpen Sans||||||||\u00bb body_line_height=\u00bb2em\u00bb body_link_text_color=\u00bb#FFFFFF\u00bb background_layout=\u00bbdark\u00bb custom_padding=\u00bb|||30px||\u00bb hover_enabled=\u00bb0&#8243; locked=\u00bboff\u00bb global_colors_info=\u00bb{}\u00bb sticky_enabled=\u00bb0&#8243;]<\/p>\n<p>Rua Comendador S\u00e1 Couto 829<br \/>4535-439 | S. Paio de Oleiros<br \/>Portugal<br \/><strong>T: <\/strong>+351 227 471 760<br \/><strong>F:<\/strong>\u00a0+351 227 641 717<\/p>\n<p>[\/et_pb_blurb][\/et_pb_column][et_pb_column type=\u00bb1_3&#8243; _builder_version=\u00bb4.16&#8243; custom_padding=\u00bb|||\u00bb global_colors_info=\u00bb{}\u00bb custom_padding__hover=\u00bb|||\u00bb][et_pb_image src=\u00bbhttps:\/\/papeleira.pt\/wp-content\/uploads\/2020\/06\/logoPAPELEIRA-1.png\u00bb title_text=\u00bblogoPAPELEIRA (1)\u00bb align=\u00bbcenter\u00bb _builder_version=\u00bb4.16&#8243; width=\u00bb55%\u00bb global_colors_info=\u00bb{}\u00bb][\/et_pb_image][\/et_pb_column][\/et_pb_row][\/et_pb_section]<\/p>\n","protected":false},"excerpt":{"rendered":"<p>PAPELEIRA COREBOARDSeg\u00fan los registros hist\u00f3ricos, el papel reciclado se fabrica en nuestras actuales instalaciones de Papeleira desde 1930. La capacidad productiva en su momento era de alrededor 7 toneladas por d\u00eda, con dos m\u00e1quinas reacondicionadas, esta capacidad s\u00f3lo se mejor\u00f3 en 1973. Sin embargo, la empresa sinti\u00f3 la necesidad de innovar y de buscar nuevos [&hellip;]<\/p>\n","protected":false},"author":2,"featured_media":0,"parent":0,"menu_order":0,"comment_status":"closed","ping_status":"closed","template":"","meta":{"_et_pb_use_builder":"on","_et_pb_old_content":"","_et_gb_content_width":"","footnotes":""},"class_list":["post-2065","page","type-page","status-publish","hentry"],"_links":{"self":[{"href":"https:\/\/papeleira.pt\/es\/wp-json\/wp\/v2\/pages\/2065","targetHints":{"allow":["GET"]}}],"collection":[{"href":"https:\/\/papeleira.pt\/es\/wp-json\/wp\/v2\/pages"}],"about":[{"href":"https:\/\/papeleira.pt\/es\/wp-json\/wp\/v2\/types\/page"}],"author":[{"embeddable":true,"href":"https:\/\/papeleira.pt\/es\/wp-json\/wp\/v2\/users\/2"}],"replies":[{"embeddable":true,"href":"https:\/\/papeleira.pt\/es\/wp-json\/wp\/v2\/comments?post=2065"}],"version-history":[{"count":13,"href":"https:\/\/papeleira.pt\/es\/wp-json\/wp\/v2\/pages\/2065\/revisions"}],"predecessor-version":[{"id":2695,"href":"https:\/\/papeleira.pt\/es\/wp-json\/wp\/v2\/pages\/2065\/revisions\/2695"}],"wp:attachment":[{"href":"https:\/\/papeleira.pt\/es\/wp-json\/wp\/v2\/media?parent=2065"}],"curies":[{"name":"wp","href":"https:\/\/api.w.org\/{rel}","templated":true}]}}